{"id":64,"date":"2020-04-06T16:09:09","date_gmt":"2020-04-06T14:09:09","guid":{"rendered":"http:\/\/aurorebagarry.com\/?page_id=64"},"modified":"2026-08-16T12:53:43","modified_gmt":"2026-08-16T10:53:43","slug":"actualites","status":"publish","type":"page","link":"https:\/\/aurorebagarry.com\/","title":{"rendered":"Actualit\u00e9s"},"content":{"rendered":"\n<figure class=\"wp-block-image size-full\"><img loading=\"lazy\" decoding=\"async\" width=\"962\" height=\"763\" src=\"https:\/\/aurorebagarry.com\/wp-content\/uploads\/2026\/04\/44_08.jpg\" alt=\"\" class=\"wp-image-1637\" srcset=\"https:\/\/aurorebagarry.com\/wp-content\/uploads\/2026\/04\/44_08.jpg 962w, https:\/\/aurorebagarry.com\/wp-content\/uploads\/2026\/04\/44_08-300x238.jpg 300w, https:\/\/aurorebagarry.com\/wp-content\/uploads\/2026\/04\/44_08-768x609.jpg 768w, https:\/\/aurorebagarry.com\/wp-content\/uploads\/2026\/04\/44_08-624x495.jpg 624w\" sizes=\"auto, (max-width: 962px) 100vw, 962px\" \/><\/figure>\n\n\n\n<p class=\"wp-block-paragraph\"><strong>* <\/strong><a href=\"https:\/\/ddabretagne.org\/fr\/artistes\/aurore-bagarry\/oeuvres\/\"><strong>SITE<\/strong> sur Documents D&#8217;Artistes Bretagne : <strong>Ici !<\/strong><\/a><\/p>\n\n\n\n<p class=\"wp-block-paragraph\"><strong>* EXPOSITION<\/strong> :<br>&#8211; <strong><a href=\"https:\/\/www.fracbretagne.fr\/fr\/galerie-du-faouedic-lorient-de-l-autre-cote-du-miroir-2026\/\"><em>De l\u2019autre c\u00f4t\u00e9 du miroir<\/em>, \u0152uvres de la collection du Frac Bretagne<\/a><\/strong>. Exposition collective du 3 juillet au 20 septembre 2026. Vernissage le mercredi 1er juillet \u00e0 18h, <a href=\"https:\/\/maps.app.goo.gl\/VFNPBquyH7AAJ9NM7\" target=\"_blank\" rel=\"noreferrer noopener\">Galerie du Faou\u00ebdic<\/a>, Lorient.<br><br>* <strong>PUBLICATIONS &#8211; PRESSE :<\/strong><br>&#8211; <a href=\"https:\/\/www.instagram.com\/p\/DRQCMvuiJKd\/\"><strong>T\u00e9l\u00e9rama Sortir<\/strong>, Les meilleures expositions photo \u00e0 Paris en d\u00e9cembre\u00a02025,<\/a> par Marie-Anne Kleiber<br>&#8211; <a href=\"https:\/\/www.zerodeux.fr\/reviews\/aurore-bagarry\/\"><strong>Revue 02<\/strong>, Review &#8220;De la c\u00f4te, vers l&#8217;ouest&#8221;, CAC Passerelle, <\/a>par Patrice Joly, novembre 2025<br>&#8211; <a href=\"https:\/\/www.lautrequotidien.fr\/hebdo\/2025\/11\/17\/aurore-bagarry-senroche-la-cte-chez-sit-down\"><strong>Le Nouveau Quotidien<\/strong>, <em>Aurore Bagarry s&#8217;enroche chez Sit Down<\/em>, <\/a>par Pascal Therme, novembre 2025<br>&#8211; <a href=\"https:\/\/www.connaissancedesarts.com\/arts-expositions\/photographie\/paris-photo-2025-les-10-stands-a-ne-pas-manquer-ce-weekend-au-grand-palais-11207338\/\"><strong>Connaissance des Arts<\/strong>, Paris Photo 2025 : les 10 stands \u00e0 ne pas manquer ce weekend au Grand Palais<\/a>, par Myriam Boutoulle<br>&#8211; <strong><a href=\"https:\/\/www.telerama.fr\/arts-expositions\/exposition-de-la-cote-a-guingamp-l-etonnant-inventaire-des-bords-de-mer-d-aurore-bagarry_cri-7038561.php\">T\u00e9l\u00e9rama<\/a><\/strong>, <em>Exposition \u201cDe la c\u00f4te\u201d \u00e0 Guingamp\u00a0: l\u2019\u00e9tonnant inventaire des bords de mer d\u2019Aurore Bagarry<\/em>, Charlotte Fauve, 30 avril 2025<br>&#8211;<strong><a href=\"https:\/\/www.lemonde.fr\/culture\/article\/2025\/04\/21\/en-photographie-les-50-nuances-de-gris-d-aurore-bagarry-au-centre-d-art-gwinzegal_6598573_3246.html\">Le Monde<\/a><\/strong>, critique de l&#8217;exposition <em>De la c\u00f4te<\/em>, Claire Guillot, 24 avril 2025<br>&#8211; <strong><a href=\"https:\/\/france3-regions.francetvinfo.fr\/bretagne\/cotes-d-armor\/guingamp\/video-des-paysages-sculptes-par-l-ocean-a-guingamp-les-photographies-d-aurore-bagarry-invitent-a-s-interroger-sur-notre-rapport-au-temps-3120157.html\">France 3,<\/a><\/strong> journal 12\/13, exposition <em>De la c\u00f4te<\/em>, Centre d&#8217;art Gwinzegal, 11 mars 2025 <br>&#8211; <strong><a href=\"https:\/\/www.editionsloco.com\/livre\/paysmages\/\"><em>Paysmages<\/em><\/a><\/strong>, Gilles A. Tiberghien, texte critique sur la s\u00e9rie <em>Roches<\/em>, <a href=\"https:\/\/www.editionsloco.com\/livre\/paysmages\/\"><strong>\u00e9ditions Loco<\/strong><\/a>, mars 2025<br>&#8211; <em>Aurore Bagarry, Roches<\/em>, <a href=\"https:\/\/www.artpress.com\/2021\/03\/18\/aurore-bagarry-roches\" target=\"_blank\" rel=\"noreferrer noopener\"><strong>Artpress<\/strong><\/a>, Etienne Hatt, mars 2021<br>&#8211; <em>Jean-Luc Le T\u00e9nia<\/em>, <a href=\"https:\/\/next.liberation.fr\/musique\/2020\/08\/03\/jean-luc-le-tenia-porte-au-nu_1795950\"><strong>Lib\u00e9ration<\/strong><\/a> et <a href=\"https:\/\/next.liberation.fr\/musique\/2020\/08\/03\/jean-luc-le-tenia-porte-au-nu_1795950\"><strong>Next Lib\u00e9ration<\/strong><\/a>, par Adrien Franque, jui 2020<br>&#8211; <em><a href=\"https:\/\/www.franceculture.fr\/emissions\/les-carnets-de-la-creation\/les-carnets-de-la-creation-lundi-23-octobre-2017\" target=\"_blank\" rel=\"noreferrer noopener\">Les Carnets de la cr\u00e9ation,<\/a> <\/em><strong>France Culture<\/strong>, 23 octobre 2017<\/p>\n\n\n\n<p class=\"wp-block-paragraph\"><br><\/p>\n\n\n\n<div class=\"wp-block-jetpack-slideshow aligncenter\" data-effect=\"slide\"><div class=\"wp-block-jetpack-slideshow_container swiper\"><ul class=\"wp-block-jetpack-slideshow_swiper-wrapper swiper-wrapper\"><li class=\"wp-block-jetpack-slideshow_slide swiper-slide\"><figure><img decoding=\"async\" alt=\"\" class=\"wp-block-jetpack-slideshow_image wp-image-1489\" data-id=\"1489\" src=\"https:\/\/aurorebagarry.com\/wp-content\/uploads\/2025\/07\/CACP2025-Aurore-Bagarry-035.jpg\"\/><figcaption class=\"wp-block-jetpack-slideshow_caption gallery-caption\">Aurore Bagarry in De la c\u00f4te, vers l&#8217;Ouest, 2025 &#8211; Passerelle Centre d&#8217;art contemporain, Brest \u00a9 photo : Aur\u00e9lien Mole<\/figcaption><\/figure><\/li><li class=\"wp-block-jetpack-slideshow_slide swiper-slide\"><figure><img loading=\"lazy\" decoding=\"async\" width=\"2560\" height=\"1920\" alt=\"\" class=\"wp-block-jetpack-slideshow_image wp-image-1487\" data-id=\"1487\" src=\"https:\/\/aurorebagarry.com\/wp-content\/uploads\/2025\/07\/CACP2025-Aurore-Bagarry-003-scaled.jpg\"\/><figcaption class=\"wp-block-jetpack-slideshow_caption gallery-caption\">Aurore Bagarry in De la c\u00f4te, vers l&#8217;Ouest, 2025 &#8211; Passerelle Centre d&#8217;art contemporain, Brest \u00a9 photo : Aur\u00e9lien Mole<\/figcaption><\/figure><\/li><li class=\"wp-block-jetpack-slideshow_slide swiper-slide\"><figure><img loading=\"lazy\" decoding=\"async\" width=\"1024\" height=\"768\" alt=\"\" class=\"wp-block-jetpack-slideshow_image wp-image-1492\" data-id=\"1492\" data-aspect-ratio=\"625 \/ 469\" src=\"https:\/\/aurorebagarry.com\/wp-content\/uploads\/2025\/07\/CACP2025-Aurore-Bagarry-001-1024x768.jpg\" srcset=\"https:\/\/aurorebagarry.com\/wp-content\/uploads\/2025\/07\/CACP2025-Aurore-Bagarry-001-1024x768.jpg 1024w, https:\/\/aurorebagarry.com\/wp-content\/uploads\/2025\/07\/CACP2025-Aurore-Bagarry-001-300x225.jpg 300w, https:\/\/aurorebagarry.com\/wp-content\/uploads\/2025\/07\/CACP2025-Aurore-Bagarry-001-768x576.jpg 768w, https:\/\/aurorebagarry.com\/wp-content\/uploads\/2025\/07\/CACP2025-Aurore-Bagarry-001-1536x1152.jpg 1536w, https:\/\/aurorebagarry.com\/wp-content\/uploads\/2025\/07\/CACP2025-Aurore-Bagarry-001-2048x1536.jpg 2048w, https:\/\/aurorebagarry.com\/wp-content\/uploads\/2025\/07\/CACP2025-Aurore-Bagarry-001-624x468.jpg 624w\" sizes=\"(max-width: 1024px) 100vw, 1024px\" \/><figcaption class=\"wp-block-jetpack-slideshow_caption gallery-caption\">Aurore Bagarry in De la c\u00f4te, vers l&#8217;Ouest, 2025 &#8211; Passerelle Centre d&#8217;art contemporain, Brest \u00a9 photo : Aur\u00e9lien Mole<\/figcaption><\/figure><\/li><li class=\"wp-block-jetpack-slideshow_slide swiper-slide\"><figure><img loading=\"lazy\" decoding=\"async\" width=\"1024\" height=\"768\" alt=\"\" class=\"wp-block-jetpack-slideshow_image wp-image-1488\" data-id=\"1488\" data-aspect-ratio=\"625 \/ 469\" src=\"https:\/\/aurorebagarry.com\/wp-content\/uploads\/2025\/07\/CACP2025-Aurore-Bagarry-033-1024x768.jpg\" srcset=\"https:\/\/aurorebagarry.com\/wp-content\/uploads\/2025\/07\/CACP2025-Aurore-Bagarry-033-1024x768.jpg 1024w, https:\/\/aurorebagarry.com\/wp-content\/uploads\/2025\/07\/CACP2025-Aurore-Bagarry-033-300x225.jpg 300w\" sizes=\"(max-width: 1024px) 100vw, 1024px\" \/><figcaption class=\"wp-block-jetpack-slideshow_caption gallery-caption\">Aurore Bagarry in De la c\u00f4te, vers l&#8217;Ouest, 2025 &#8211; Passerelle Centre d&#8217;art contemporain, Brest \u00a9 photo : Aur\u00e9lien Mole<\/figcaption><\/figure><\/li><li class=\"wp-block-jetpack-slideshow_slide swiper-slide\"><figure><img loading=\"lazy\" decoding=\"async\" width=\"1024\" height=\"768\" alt=\"\" class=\"wp-block-jetpack-slideshow_image wp-image-1494\" data-id=\"1494\" data-aspect-ratio=\"625 \/ 469\" src=\"https:\/\/aurorebagarry.com\/wp-content\/uploads\/2025\/07\/CACP2025-Aurore-Bagarry-019-1024x768.jpg\" srcset=\"https:\/\/aurorebagarry.com\/wp-content\/uploads\/2025\/07\/CACP2025-Aurore-Bagarry-019-1024x768.jpg 1024w, https:\/\/aurorebagarry.com\/wp-content\/uploads\/2025\/07\/CACP2025-Aurore-Bagarry-019-300x225.jpg 300w, https:\/\/aurorebagarry.com\/wp-content\/uploads\/2025\/07\/CACP2025-Aurore-Bagarry-019-768x576.jpg 768w, https:\/\/aurorebagarry.com\/wp-content\/uploads\/2025\/07\/CACP2025-Aurore-Bagarry-019-1536x1152.jpg 1536w, https:\/\/aurorebagarry.com\/wp-content\/uploads\/2025\/07\/CACP2025-Aurore-Bagarry-019-2048x1536.jpg 2048w, https:\/\/aurorebagarry.com\/wp-content\/uploads\/2025\/07\/CACP2025-Aurore-Bagarry-019-624x468.jpg 624w\" sizes=\"(max-width: 1024px) 100vw, 1024px\" \/><figcaption class=\"wp-block-jetpack-slideshow_caption gallery-caption\">Aurore Bagarry in De la c\u00f4te, vers l&#8217;Ouest, 2025 &#8211; Passerelle Centre d&#8217;art contemporain, Brest \u00a9 photo : Aur\u00e9lien Mole<\/figcaption><\/figure><\/li><li class=\"wp-block-jetpack-slideshow_slide swiper-slide\"><figure><img loading=\"lazy\" decoding=\"async\" width=\"1024\" height=\"768\" alt=\"\" class=\"wp-block-jetpack-slideshow_image wp-image-1495\" data-id=\"1495\" data-aspect-ratio=\"625 \/ 469\" src=\"https:\/\/aurorebagarry.com\/wp-content\/uploads\/2025\/07\/CACP2025-Aurore-Bagarry-012-1024x768.jpg\" srcset=\"https:\/\/aurorebagarry.com\/wp-content\/uploads\/2025\/07\/CACP2025-Aurore-Bagarry-012-1024x768.jpg 1024w, https:\/\/aurorebagarry.com\/wp-content\/uploads\/2025\/07\/CACP2025-Aurore-Bagarry-012-300x225.jpg 300w, https:\/\/aurorebagarry.com\/wp-content\/uploads\/2025\/07\/CACP2025-Aurore-Bagarry-012-768x576.jpg 768w, https:\/\/aurorebagarry.com\/wp-content\/uploads\/2025\/07\/CACP2025-Aurore-Bagarry-012-1536x1152.jpg 1536w, https:\/\/aurorebagarry.com\/wp-content\/uploads\/2025\/07\/CACP2025-Aurore-Bagarry-012-2048x1536.jpg 2048w, https:\/\/aurorebagarry.com\/wp-content\/uploads\/2025\/07\/CACP2025-Aurore-Bagarry-012-624x468.jpg 624w\" sizes=\"(max-width: 1024px) 100vw, 1024px\" \/><figcaption class=\"wp-block-jetpack-slideshow_caption gallery-caption\">Aurore Bagarry in De la c\u00f4te, vers l&#8217;Ouest, 2025 &#8211; Passerelle Centre d&#8217;art contemporain, Brest \u00a9 photo : Aur\u00e9lien Mole<\/figcaption><\/figure><\/li><li class=\"wp-block-jetpack-slideshow_slide swiper-slide\"><figure><img loading=\"lazy\" decoding=\"async\" width=\"768\" height=\"1024\" alt=\"\" class=\"wp-block-jetpack-slideshow_image wp-image-1501\" data-id=\"1501\" data-aspect-ratio=\"625 \/ 833\" src=\"https:\/\/aurorebagarry.com\/wp-content\/uploads\/2025\/07\/CACP2025-Aurore-Bagarry-010-1-768x1024.jpg\" srcset=\"https:\/\/aurorebagarry.com\/wp-content\/uploads\/2025\/07\/CACP2025-Aurore-Bagarry-010-1-768x1024.jpg 768w, https:\/\/aurorebagarry.com\/wp-content\/uploads\/2025\/07\/CACP2025-Aurore-Bagarry-010-1-225x300.jpg 225w, https:\/\/aurorebagarry.com\/wp-content\/uploads\/2025\/07\/CACP2025-Aurore-Bagarry-010-1-1152x1536.jpg 1152w, https:\/\/aurorebagarry.com\/wp-content\/uploads\/2025\/07\/CACP2025-Aurore-Bagarry-010-1-1536x2048.jpg 1536w, https:\/\/aurorebagarry.com\/wp-content\/uploads\/2025\/07\/CACP2025-Aurore-Bagarry-010-1-624x832.jpg 624w, https:\/\/aurorebagarry.com\/wp-content\/uploads\/2025\/07\/CACP2025-Aurore-Bagarry-010-1-scaled.jpg 1920w\" sizes=\"(max-width: 768px) 100vw, 768px\" \/><figcaption class=\"wp-block-jetpack-slideshow_caption gallery-caption\">Aurore Bagarry in De la c\u00f4te, vers l&#8217;Ouest, 2025 &#8211; Passerelle Centre d&#8217;art contemporain, Brest \u00a9 photo : Aur\u00e9lien Mole<\/figcaption><\/figure><\/li><li class=\"wp-block-jetpack-slideshow_slide swiper-slide\"><figure><img loading=\"lazy\" decoding=\"async\" width=\"1024\" height=\"768\" alt=\"\" class=\"wp-block-jetpack-slideshow_image wp-image-1484\" data-id=\"1484\" data-aspect-ratio=\"625 \/ 469\" src=\"https:\/\/aurorebagarry.com\/wp-content\/uploads\/2025\/07\/CACP2025-Aurore-Bagarry-007_2-1024x768.jpg\" srcset=\"https:\/\/aurorebagarry.com\/wp-content\/uploads\/2025\/07\/CACP2025-Aurore-Bagarry-007_2-1024x768.jpg 1024w, https:\/\/aurorebagarry.com\/wp-content\/uploads\/2025\/07\/CACP2025-Aurore-Bagarry-007_2-300x225.jpg 300w, https:\/\/aurorebagarry.com\/wp-content\/uploads\/2025\/07\/CACP2025-Aurore-Bagarry-007_2-768x576.jpg 768w\" sizes=\"(max-width: 1024px) 100vw, 1024px\" \/><figcaption class=\"wp-block-jetpack-slideshow_caption gallery-caption\">Aurore Bagarry in De la c\u00f4te, vers l&#8217;Ouest, 2025 &#8211; Passerelle Centre d&#8217;art contemporain, Brest \u00a9 photo : Aur\u00e9lien Mole<\/figcaption><\/figure><\/li><li class=\"wp-block-jetpack-slideshow_slide swiper-slide\"><figure><img decoding=\"async\" alt=\"\" class=\"wp-block-jetpack-slideshow_image wp-image-1485\" data-id=\"1485\" src=\"https:\/\/aurorebagarry.com\/wp-content\/uploads\/2025\/07\/CACP2025-Aurore-Bagarry-025_2.jpg\"\/><figcaption class=\"wp-block-jetpack-slideshow_caption gallery-caption\">Aurore Bagarry in De la c\u00f4te, vers l&#8217;Ouest, 2025 &#8211; Passerelle Centre d&#8217;art contemporain, Brest \u00a9 photo : Aur\u00e9lien Mole<\/figcaption><\/figure><\/li><li class=\"wp-block-jetpack-slideshow_slide swiper-slide\"><figure><img loading=\"lazy\" decoding=\"async\" width=\"1024\" height=\"768\" alt=\"\" class=\"wp-block-jetpack-slideshow_image wp-image-1498\" data-id=\"1498\" data-aspect-ratio=\"625 \/ 469\" src=\"https:\/\/aurorebagarry.com\/wp-content\/uploads\/2025\/07\/CACP2025-Aurore-Bagarry-015-1024x768.jpg\" srcset=\"https:\/\/aurorebagarry.com\/wp-content\/uploads\/2025\/07\/CACP2025-Aurore-Bagarry-015-1024x768.jpg 1024w, https:\/\/aurorebagarry.com\/wp-content\/uploads\/2025\/07\/CACP2025-Aurore-Bagarry-015-300x225.jpg 300w, https:\/\/aurorebagarry.com\/wp-content\/uploads\/2025\/07\/CACP2025-Aurore-Bagarry-015-768x576.jpg 768w, https:\/\/aurorebagarry.com\/wp-content\/uploads\/2025\/07\/CACP2025-Aurore-Bagarry-015-1536x1152.jpg 1536w, https:\/\/aurorebagarry.com\/wp-content\/uploads\/2025\/07\/CACP2025-Aurore-Bagarry-015-2048x1536.jpg 2048w, https:\/\/aurorebagarry.com\/wp-content\/uploads\/2025\/07\/CACP2025-Aurore-Bagarry-015-624x468.jpg 624w\" sizes=\"(max-width: 1024px) 100vw, 1024px\" \/><figcaption class=\"wp-block-jetpack-slideshow_caption gallery-caption\">Aurore Bagarry in De la c\u00f4te, vers l&#8217;Ouest, 2025 &#8211; Passerelle Centre d&#8217;art contemporain, Brest \u00a9 photo : Aur\u00e9lien Mole<\/figcaption><\/figure><\/li><li class=\"wp-block-jetpack-slideshow_slide swiper-slide\"><figure><img loading=\"lazy\" decoding=\"async\" width=\"768\" height=\"1024\" alt=\"\" class=\"wp-block-jetpack-slideshow_image wp-image-1497\" data-id=\"1497\" data-aspect-ratio=\"625 \/ 833\" src=\"https:\/\/aurorebagarry.com\/wp-content\/uploads\/2025\/07\/CACP2025-Aurore-Bagarry-014-768x1024.jpg\" srcset=\"https:\/\/aurorebagarry.com\/wp-content\/uploads\/2025\/07\/CACP2025-Aurore-Bagarry-014-768x1024.jpg 768w, https:\/\/aurorebagarry.com\/wp-content\/uploads\/2025\/07\/CACP2025-Aurore-Bagarry-014-225x300.jpg 225w, https:\/\/aurorebagarry.com\/wp-content\/uploads\/2025\/07\/CACP2025-Aurore-Bagarry-014-1152x1536.jpg 1152w, https:\/\/aurorebagarry.com\/wp-content\/uploads\/2025\/07\/CACP2025-Aurore-Bagarry-014-1536x2048.jpg 1536w, https:\/\/aurorebagarry.com\/wp-content\/uploads\/2025\/07\/CACP2025-Aurore-Bagarry-014-624x832.jpg 624w, https:\/\/aurorebagarry.com\/wp-content\/uploads\/2025\/07\/CACP2025-Aurore-Bagarry-014-scaled.jpg 1920w\" sizes=\"(max-width: 768px) 100vw, 768px\" \/><figcaption class=\"wp-block-jetpack-slideshow_caption gallery-caption\">Aurore Bagarry in De la c\u00f4te, vers l&#8217;Ouest, 2025 &#8211; Passerelle Centre d&#8217;art contemporain, Brest \u00a9 photo : Aur\u00e9lien Mole<\/figcaption><\/figure><\/li><li class=\"wp-block-jetpack-slideshow_slide swiper-slide\"><figure><img decoding=\"async\" alt=\"\" class=\"wp-block-jetpack-slideshow_image wp-image-1482\" data-id=\"1482\" src=\"https:\/\/aurorebagarry.com\/wp-content\/uploads\/2025\/07\/CACP2025-Aurore-Bagarry-023_2.jpg\"\/><figcaption class=\"wp-block-jetpack-slideshow_caption gallery-caption\">Aurore Bagarry in De la c\u00f4te, vers l&#8217;Ouest, 2025 &#8211; Passerelle Centre d&#8217;art contemporain, Brest \u00a9 photo : Aur\u00e9lien Mole<\/figcaption><\/figure><\/li><li class=\"wp-block-jetpack-slideshow_slide swiper-slide\"><figure><img decoding=\"async\" alt=\"\" class=\"wp-block-jetpack-slideshow_image wp-image-1483\" data-id=\"1483\" src=\"https:\/\/aurorebagarry.com\/wp-content\/uploads\/2025\/07\/CACP2025-Aurore-Bagarry-008_2.jpg\"\/><figcaption class=\"wp-block-jetpack-slideshow_caption gallery-caption\">Aurore Bagarry in De la c\u00f4te, vers l&#8217;Ouest, 2025 &#8211; Passerelle Centre d&#8217;art contemporain, Brest \u00a9 photo : Aur\u00e9lien Mole<\/figcaption><\/figure><\/li><li class=\"wp-block-jetpack-slideshow_slide swiper-slide\"><figure><img loading=\"lazy\" decoding=\"async\" width=\"1024\" height=\"768\" alt=\"\" class=\"wp-block-jetpack-slideshow_image wp-image-1499\" data-id=\"1499\" data-aspect-ratio=\"625 \/ 469\" src=\"https:\/\/aurorebagarry.com\/wp-content\/uploads\/2025\/07\/CACP2025-Aurore-Bagarry-020-1024x768.jpg\" srcset=\"https:\/\/aurorebagarry.com\/wp-content\/uploads\/2025\/07\/CACP2025-Aurore-Bagarry-020-1024x768.jpg 1024w, https:\/\/aurorebagarry.com\/wp-content\/uploads\/2025\/07\/CACP2025-Aurore-Bagarry-020-300x225.jpg 300w, https:\/\/aurorebagarry.com\/wp-content\/uploads\/2025\/07\/CACP2025-Aurore-Bagarry-020-768x576.jpg 768w, https:\/\/aurorebagarry.com\/wp-content\/uploads\/2025\/07\/CACP2025-Aurore-Bagarry-020-1536x1152.jpg 1536w, https:\/\/aurorebagarry.com\/wp-content\/uploads\/2025\/07\/CACP2025-Aurore-Bagarry-020-2048x1536.jpg 2048w, https:\/\/aurorebagarry.com\/wp-content\/uploads\/2025\/07\/CACP2025-Aurore-Bagarry-020-624x468.jpg 624w\" sizes=\"(max-width: 1024px) 100vw, 1024px\" \/><figcaption class=\"wp-block-jetpack-slideshow_caption gallery-caption\">Aurore Bagarry in De la c\u00f4te, vers l&#8217;Ouest, 2025 &#8211; Passerelle Centre d&#8217;art contemporain, Brest \u00a9 photo : Aur\u00e9lien Mole<\/figcaption><\/figure><\/li><li class=\"wp-block-jetpack-slideshow_slide swiper-slide\"><figure><img loading=\"lazy\" decoding=\"async\" width=\"2560\" height=\"1920\" alt=\"\" class=\"wp-block-jetpack-slideshow_image wp-image-1486\" data-id=\"1486\" src=\"https:\/\/aurorebagarry.com\/wp-content\/uploads\/2025\/07\/CACP2025-Aurore-Bagarry-006_2-scaled.jpg\" srcset=\"https:\/\/aurorebagarry.com\/wp-content\/uploads\/2025\/07\/CACP2025-Aurore-Bagarry-006_2-scaled.jpg 2560w, https:\/\/aurorebagarry.com\/wp-content\/uploads\/2025\/07\/CACP2025-Aurore-Bagarry-006_2-300x225.jpg 300w\" sizes=\"(max-width: 2560px) 100vw, 2560px\" \/><figcaption class=\"wp-block-jetpack-slideshow_caption gallery-caption\">Aurore Bagarry invite Vava Dudu in De la c\u00f4te, vers l&#8217;Ouest, 2025 &#8211; Passerelle Centre d&#8217;art contemporain, Brest \u00a9 photo : Aur\u00e9lien Mole<\/figcaption><\/figure><\/li><\/ul><a class=\"wp-block-jetpack-slideshow_button-prev swiper-button-prev swiper-button-white\" role=\"button\"><\/a><a class=\"wp-block-jetpack-slideshow_button-next swiper-button-next swiper-button-white\" role=\"button\"><\/a><a aria-label=\"Pause Slideshow\" class=\"wp-block-jetpack-slideshow_button-pause\" role=\"button\"><\/a><div class=\"wp-block-jetpack-slideshow_pagination swiper-pagination swiper-pagination-white\"><\/div><\/div><\/div>\n\n\n\n<p class=\"wp-block-paragraph\"><\/p>\n","protected":false},"excerpt":{"rendered":"<p>* SITE sur Documents D&#8217;Artistes Bretagne : Ici ! * EXPOSITION :&#8211; De l\u2019autre c\u00f4t\u00e9 du miroir, \u0152uvres de la collection du Frac Bretagne. Exposition collective du 3 juillet au 20 septembre 2026. Vernissage le mercredi 1er juillet \u00e0 18h, Galerie du Faou\u00ebdic, Lorient. * PUBLICATIONS &#8211; PRESSE :&#8211; T\u00e9l\u00e9rama Sortir, Les meilleures expositions photo \u00e0 Paris en d\u00e9cembre\u00a02025, par Marie-Anne Kleiber&#8211; Revue 02, Review &#8220;De la c\u00f4te, vers l&#8217;ouest&#8221;, CAC Passerelle, par Patrice Joly, novembre 2025&#8211; Le Nouveau Quotidien, Aurore Bagarry s&#8217;enroche chez Sit Down, par Pascal Therme, novembre 2025&#8211; Connaissance des Arts, Paris Photo 2025 : les 10 stands \u00e0 ne pas manquer ce weekend au Grand Palais, par Myriam Boutoulle&#8211; T\u00e9l\u00e9rama, Exposition \u201cDe la c\u00f4te\u201d \u00e0 Guingamp\u00a0: l\u2019\u00e9tonnant inventaire des bords de mer d\u2019Aurore Bagarry, Charlotte Fauve, 30 avril 2025&#8211;Le Monde, critique de l&#8217;exposition De la c\u00f4te, Claire Guillot, 24 avril 2025&#8211; France 3, journal 12\/13, exposition De la c\u00f4te, Centre d&#8217;art Gwinzegal, 11 mars 2025 &#8211; Paysmages, Gilles A. Tiberghien, texte critique sur la s\u00e9rie Roches, \u00e9ditions Loco, mars 2025&#8211; Aurore Bagarry, Roches, Artpress, Etienne Hatt, mars 2021&#8211; Jean-Luc Le T\u00e9nia, Lib\u00e9ration et Next Lib\u00e9ration, par Adrien Franque, jui 2020&#8211; Les Carnets de la cr\u00e9ation, France Culture, 23 octobre 2017<\/p>\n","protected":false},"author":1,"featured_media":0,"parent":0,"menu_order":0,"comment_status":"closed","ping_status":"closed","template":"","meta":{"footnotes":""},"class_list":["post-64","page","type-page","status-publish","hentry"],"jetpack_sharing_enabled":true,"_links":{"self":[{"href":"https:\/\/aurorebagarry.com\/index.php\/wp-json\/wp\/v2\/pages\/64","targetHints":{"allow":["GET"]}}],"collection":[{"href":"https:\/\/aurorebagarry.com\/index.php\/wp-json\/wp\/v2\/pages"}],"about":[{"href":"https:\/\/aurorebagarry.com\/index.php\/wp-json\/wp\/v2\/types\/page"}],"author":[{"embeddable":true,"href":"https:\/\/aurorebagarry.com\/index.php\/wp-json\/wp\/v2\/users\/1"}],"replies":[{"embeddable":true,"href":"https:\/\/aurorebagarry.com\/index.php\/wp-json\/wp\/v2\/comments?post=64"}],"version-history":[{"count":372,"href":"https:\/\/aurorebagarry.com\/index.php\/wp-json\/wp\/v2\/pages\/64\/revisions"}],"predecessor-version":[{"id":1698,"href":"https:\/\/aurorebagarry.com\/index.php\/wp-json\/wp\/v2\/pages\/64\/revisions\/1698"}],"wp:attachment":[{"href":"https:\/\/aurorebagarry.com\/index.php\/wp-json\/wp\/v2\/media?parent=64"}],"curies":[{"name":"wp","href":"https:\/\/api.w.org\/{rel}","templated":true}]}}